{"version":"1.0","provider_name":"Os Meus Apontamentos","provider_url":"https:\/\/osmeusapontamentos.com","author_name":"Vitor Silva","author_url":"https:\/\/osmeusapontamentos.com\/index.php\/author\/vitorsilva_admin\/","title":"Educa\u00e7\u00e3o via candidatura de Elisa Ferreira - Os Meus Apontamentos","type":"rich","width":600,"height":338,"html":"<blockquote class=\"wp-embedded-content\" data-secret=\"4SwGk6e604\"><a href=\"https:\/\/osmeusapontamentos.com\/index.php\/2009\/07\/04\/educacao-via-candidatura-de-elisa-ferreira\/\">Educa\u00e7\u00e3o via candidatura de Elisa Ferreira<\/a><\/blockquote><iframe sandbox=\"allow-scripts\" security=\"restricted\" src=\"https:\/\/osmeusapontamentos.com\/index.php\/2009\/07\/04\/educacao-via-candidatura-de-elisa-ferreira\/embed\/#?secret=4SwGk6e604\" width=\"600\" height=\"338\" title=\"&#8220;Educa\u00e7\u00e3o via candidatura de Elisa Ferreira&#8221; &#8212; Os Meus Apontamentos\" data-secret=\"4SwGk6e604\" frameborder=\"0\" marginwidth=\"0\" marginheight=\"0\" scrolling=\"no\" class=\"wp-embedded-content\"><\/iframe><script>\n\/*! This file is auto-generated *\/\n!function(d,l){\"use strict\";l.querySelector&&d.addEventListener&&\"undefined\"!=typeof URL&&(d.wp=d.wp||{},d.wp.receiveEmbedMessage||(d.wp.receiveEmbedMessage=function(e){var t=e.data;if((t||t.secret||t.message||t.value)&&!\/[^a-zA-Z0-9]\/.test(t.secret)){for(var s,r,n,a=l.querySelectorAll('iframe[data-secret=\"'+t.secret+'\"]'),o=l.querySelectorAll('blockquote[data-secret=\"'+t.secret+'\"]'),c=new RegExp(\"^https?:$\",\"i\"),i=0;i<o.length;i++)o[i].style.display=\"none\";for(i=0;i<a.length;i++)s=a[i],e.source===s.contentWindow&&(s.removeAttribute(\"style\"),\"height\"===t.message?(1e3<(r=parseInt(t.value,10))?r=1e3:~~r<200&&(r=200),s.height=r):\"link\"===t.message&&(r=new URL(s.getAttribute(\"src\")),n=new URL(t.value),c.test(n.protocol))&&n.host===r.host&&l.activeElement===s&&(d.top.location.href=t.value))}},d.addEventListener(\"message\",d.wp.receiveEmbedMessage,!1),l.addEventListener(\"DOMContentLoaded\",function(){for(var e,t,s=l.querySelectorAll(\"iframe.wp-embedded-content\"),r=0;r<s.length;r++)(t=(e=s[r]).getAttribute(\"data-secret\"))||(t=Math.random().toString(36).substring(2,12),e.src+=\"#?secret=\"+t,e.setAttribute(\"data-secret\",t)),e.contentWindow.postMessage({message:\"ready\",secret:t},\"*\")},!1)))}(window,document);\n<\/script>\n","description":"No dia 1 de julho foi assistir \u00e0 tertulia sobre educa\u00e7\u00e3o organizada pela campanha de Elisa Ferreira. Estas tert\u00falias s\u00e3o eventos que t\u00eam naturalmente uma componente pol\u00edtica mas, no meu caso, mais do que ver quem aparece e se s\u00e3o muitos, o meu interesse era aproveitar este evento para tentar perceber um pouco o que [&hellip;]"}