{"version":"1.0","provider_name":"Os Meus Apontamentos","provider_url":"https:\/\/osmeusapontamentos.com","author_name":"Vitor Silva","author_url":"https:\/\/osmeusapontamentos.com\/index.php\/author\/vitorsilva_admin\/","title":"Confidencial - A d\u00e9cada de Sampaio em Bel\u00e9m - Os Meus Apontamentos","type":"rich","width":600,"height":338,"html":"<blockquote class=\"wp-embedded-content\" data-secret=\"8R3hwMosqp\"><a href=\"https:\/\/osmeusapontamentos.com\/index.php\/2007\/10\/21\/confidencial-a-decada-de-sampaio-em-belem\/\">Confidencial &#8211; A d\u00e9cada de Sampaio em Bel\u00e9m<\/a><\/blockquote><iframe sandbox=\"allow-scripts\" security=\"restricted\" src=\"https:\/\/osmeusapontamentos.com\/index.php\/2007\/10\/21\/confidencial-a-decada-de-sampaio-em-belem\/embed\/#?secret=8R3hwMosqp\" width=\"600\" height=\"338\" title=\"&#8220;Confidencial &#8211; A d\u00e9cada de Sampaio em Bel\u00e9m&#8221; &#8212; Os Meus Apontamentos\" data-secret=\"8R3hwMosqp\" frameborder=\"0\" marginwidth=\"0\" marginheight=\"0\" scrolling=\"no\" class=\"wp-embedded-content\"><\/iframe><script>\n\/*! This file is auto-generated *\/\n!function(d,l){\"use strict\";l.querySelector&&d.addEventListener&&\"undefined\"!=typeof URL&&(d.wp=d.wp||{},d.wp.receiveEmbedMessage||(d.wp.receiveEmbedMessage=function(e){var t=e.data;if((t||t.secret||t.message||t.value)&&!\/[^a-zA-Z0-9]\/.test(t.secret)){for(var s,r,n,a=l.querySelectorAll('iframe[data-secret=\"'+t.secret+'\"]'),o=l.querySelectorAll('blockquote[data-secret=\"'+t.secret+'\"]'),c=new RegExp(\"^https?:$\",\"i\"),i=0;i<o.length;i++)o[i].style.display=\"none\";for(i=0;i<a.length;i++)s=a[i],e.source===s.contentWindow&&(s.removeAttribute(\"style\"),\"height\"===t.message?(1e3<(r=parseInt(t.value,10))?r=1e3:~~r<200&&(r=200),s.height=r):\"link\"===t.message&&(r=new URL(s.getAttribute(\"src\")),n=new URL(t.value),c.test(n.protocol))&&n.host===r.host&&l.activeElement===s&&(d.top.location.href=t.value))}},d.addEventListener(\"message\",d.wp.receiveEmbedMessage,!1),l.addEventListener(\"DOMContentLoaded\",function(){for(var e,t,s=l.querySelectorAll(\"iframe.wp-embedded-content\"),r=0;r<s.length;r++)(t=(e=s[r]).getAttribute(\"data-secret\"))||(t=Math.random().toString(36).substring(2,12),e.src+=\"#?secret=\"+t,e.setAttribute(\"data-secret\",t)),e.contentWindow.postMessage({message:\"ready\",secret:t},\"*\")},!1)))}(window,document);\n<\/script>\n","description":"Confidencial &#8211; A d\u00e9cada de Sampaio em Bel\u00e9m de Jo\u00e3o Gabriel foi o livro que me acompanhou na minha semana de f\u00e9rias em Setembro. Nos tempos que correm, s\u00f3 mesmo em tempo de f\u00e9rias \u00e9 que conseguiria ler um livro de quase 400 p\u00e1ginas numa semana. Este n\u00e3o \u00e9 o livro das mem\u00f3rias de Jorge [&hellip;]","thumbnail_url":"https:\/\/osmeusapontamentos.com\/img\/confidencial.jpg"}